{"version":"1.0","provider_name":"Groupe Voltalis","provider_url":"https:\/\/group.voltalis.com\/fr","author_name":"Emma Corson","author_url":"https:\/\/group.voltalis.com\/fr\/author\/emma-corson","title":"Gr\u00e2ce \u00e0 l\u2019installation des thermostats connect\u00e9s Voltalis sur son territoire, l\u2019Agglom\u00e9ration du Pays de l\u2019Or a fait \u00e9conomiser pr\u00e8s de 35 000 euros \u00e0 ses habitants ! - Groupe Voltalis","type":"rich","width":600,"height":338,"html":"<blockquote class=\"wp-embedded-content\" data-secret=\"FR6OB8ygjm\"><a href=\"https:\/\/group.voltalis.com\/fr\/categorie\/collectivites\/agglomeration-du-pays-de-lor-7570\">Gr\u00e2ce \u00e0 l\u2019installation des thermostats connect\u00e9s Voltalis sur son territoire, l\u2019Agglom\u00e9ration du Pays de l\u2019Or a fait \u00e9conomiser pr\u00e8s de 35 000 euros \u00e0 ses habitants !<\/a><\/blockquote><iframe sandbox=\"allow-scripts\" security=\"restricted\" src=\"https:\/\/group.voltalis.com\/fr\/categorie\/collectivites\/agglomeration-du-pays-de-lor-7570\/embed#?secret=FR6OB8ygjm\" width=\"600\" height=\"338\" title=\"\u00ab\u00a0Gr\u00e2ce \u00e0 l\u2019installation des thermostats connect\u00e9s Voltalis sur son territoire, l\u2019Agglom\u00e9ration du Pays de l\u2019Or a fait \u00e9conomiser pr\u00e8s de 35 000 euros \u00e0 ses habitants !\u00a0\u00bb &#8212; Groupe Voltalis\" data-secret=\"FR6OB8ygjm\" frameborder=\"0\" marginwidth=\"0\" marginheight=\"0\" scrolling=\"no\" class=\"wp-embedded-content\"><\/iframe><script>\n\/*! This file is auto-generated *\/\n!function(d,l){\"use strict\";l.querySelector&&d.addEventListener&&\"undefined\"!=typeof URL&&(d.wp=d.wp||{},d.wp.receiveEmbedMessage||(d.wp.receiveEmbedMessage=function(e){var t=e.data;if((t||t.secret||t.message||t.value)&&!\/[^a-zA-Z0-9]\/.test(t.secret)){for(var s,r,n,a=l.querySelectorAll('iframe[data-secret=\"'+t.secret+'\"]'),o=l.querySelectorAll('blockquote[data-secret=\"'+t.secret+'\"]'),c=new RegExp(\"^https?:$\",\"i\"),i=0;i<o.length;i++)o[i].style.display=\"none\";for(i=0;i<a.length;i++)s=a[i],e.source===s.contentWindow&&(s.removeAttribute(\"style\"),\"height\"===t.message?(1e3<(r=parseInt(t.value,10))?r=1e3:~~r<200&&(r=200),s.height=r):\"link\"===t.message&&(r=new URL(s.getAttribute(\"src\")),n=new URL(t.value),c.test(n.protocol))&&n.host===r.host&&l.activeElement===s&&(d.top.location.href=t.value))}},d.addEventListener(\"message\",d.wp.receiveEmbedMessage,!1),l.addEventListener(\"DOMContentLoaded\",function(){for(var e,t,s=l.querySelectorAll(\"iframe.wp-embedded-content\"),r=0;r<s.length;r++)(t=(e=s[r]).getAttribute(\"data-secret\"))||(t=Math.random().toString(36).substring(2,12),e.src+=\"#?secret=\"+t,e.setAttribute(\"data-secret\",t)),e.contentWindow.postMessage({message:\"ready\",secret:t},\"*\")},!1)))}(window,document);\n\/\/# sourceURL=https:\/\/group.voltalis.com\/wp-includes\/js\/wp-embed.min.js\n<\/script>\n","description":"R\u00e9duire de 25 % les consommations d\u2019\u00e9nergie de ses communes, c\u2019est l\u2019objectif que s\u2019est fix\u00e9 l\u2019Agglom\u00e9ration du Pays de l\u2019Or en vue des cinq prochaines ann\u00e9es. En ce sens, son partenariat avec la solution gratuite Voltalis, qui permet aux habitants chauff\u00e9s \u00e0 l\u2019\u00e9lectrique de mieux contr\u00f4ler et de r\u00e9duire leur consommation d\u2019\u00e9lectricit\u00e9, a port\u00e9 ses [&hellip;]","thumbnail_url":"https:\/\/group.voltalis.com\/wp-content\/uploads\/2024\/02\/Myvoltalis-edited.png","thumbnail_width":608,"thumbnail_height":456}